{"id":3935,"date":"2025-05-06T13:30:25","date_gmt":"2025-05-06T11:30:25","guid":{"rendered":"https:\/\/vinitor.wine\/?post_type=product&#038;p=3935"},"modified":"2025-10-07T11:53:42","modified_gmt":"2025-10-07T09:53:42","slug":"terra-ferma-negre-costers-del-segre","status":"publish","type":"product","link":"https:\/\/vinitor.wine\/cs\/wines\/terra-ferma-negre-costers-del-segre\/","title":{"rendered":"Terra Ferma Negre"},"content":{"rendered":"<p data-start=\"382\" data-end=\"783\">Terra Ferma Negre zt\u011bles\u0148uje ducha oblasti Costers del Segre, kter\u00e1 je charakteristick\u00e1 kontinent\u00e1ln\u00edm klimatem a rozmanit\u00fdmi p\u016fdami. V L\u2019Albag\u00e9s se vinice rozkl\u00e1daj\u00ed ve v\u00fd\u0161ce mezi 420 a 500 metry nad mo\u0159em. M\u011blk\u00e9 v\u00e1penit\u00e9 p\u016fdy s vrstvami j\u00edlu a p\u00edskovce p\u0159edstavuj\u00ed pro r\u00e9vu v\u00fdzvu a omezuj\u00ed v\u00fdnosy. D\u00edky tomu hrozny vykazuj\u00ed jak koncentraci, tak sv\u011b\u017eest, co\u017e jsou vlastnosti, kter\u00e9 definuj\u00ed toto \u010derven\u00e9 v\u00edno.<\/p>\n<p data-start=\"820\" data-end=\"1259\">Slo\u017een\u00ed spojuje Garnacha Negra, Cabernet Sauvignon a Syrah. Garnacha p\u0159in\u00e1\u0161\u00ed ovocnost a teplo. Cabernet p\u0159isp\u00edv\u00e1 p\u00e1te\u0159\u00ed, t\u0159\u00edslovinami a strukturou. Syrah dod\u00e1v\u00e1 hloubku, barvu a jemnou ko\u0159en\u011bnou notu. Fermentace v nerezov\u00e9 oceli zachov\u00e1v\u00e1 \u010distotu a sv\u011b\u017eest. Jemn\u00e1 macerace a p\u0159irozen\u00e1 stabilizace udr\u017euj\u00ed rovnov\u00e1hu a poctivost. Tento p\u0159\u00edstup d\u00e1v\u00e1 v\u00ednu styl, kter\u00fd je siln\u00fd, ale p\u0159\u00edstupn\u00fd.<\/p>\n<p data-start=\"1286\" data-end=\"1799\">Na nose je Terra Ferma Negre v\u00fdrazn\u00e9, s t\u00f3ny zral\u00e9ho ovoce, sladk\u00e9ho ko\u0159en\u00ed a n\u00e1dechem mineralit. Na pat\u0159e je sametov\u00e9 a strukturovan\u00e9, s osv\u011b\u017euj\u00edc\u00edm nap\u011bt\u00edm, kter\u00e9 ho udr\u017euje \u017eiv\u00e9. D\u00edky sv\u00e9 rovnov\u00e1ze se v\u00edno snadno p\u0159izp\u016fsob\u00ed gastronomii. Skv\u011ble se hod\u00ed k pe\u010den\u00fdm mas\u016fm, tradi\u010dn\u00edm katal\u00e1nsk\u00fdm du\u0161en\u00fdm pokrm\u016fm, zral\u00fdm s\u00fdr\u016fm a grilovan\u00e9 zelenin\u011b. Terra Ferma Negre nen\u00ed jen \u010derven\u00e9 v\u00edno. Je to portr\u00e9t L\u2019Albag\u00e9s a Costers del Segre, lahvovan\u00fd s autenti\u010dnost\u00ed a respektem k jeho p\u016fd\u011b.<\/p>","protected":false},"excerpt":{"rendered":"<p>Z drsn\u00fdch kraj\u016f Les Garrigues p\u0159ich\u00e1z\u00ed Terra Ferma Negre, \u010derven\u00e9 v\u00edno pln\u00e9 zral\u00e9ho ovoce, ko\u0159en\u00ed a sv\u011b\u017eesti, kter\u00e9 vynik\u00e1 v ka\u017ed\u00e9m dou\u0161ku.<\/p>","protected":false},"featured_media":3930,"template":"","meta":{"_acf_changed":false,"site-sidebar-layout":"default","site-content-layout":"","ast-site-content-layout":"default","site-content-style":"default","site-sidebar-style":"default","ast-global-header-display":"","ast-banner-title-visibility":"","ast-main-header-display":"","ast-hfb-above-header-display":"","ast-hfb-below-header-display":"","ast-hfb-mobile-header-display":"","site-post-title":"","ast-breadcrumbs-content":"","ast-featured-img":"","footer-sml-layout":"","ast-disable-related-posts":"","theme-transparent-header-meta":"default","adv-header-id-meta":"","stick-header-meta":"","header-above-stick-meta":"","header-main-stick-meta":"","header-below-stick-meta":"","astra-migrate-meta-layouts":"set","ast-page-background-enabled":"default","ast-page-background-meta":{"desktop":{"background-color":"var(--ast-global-color-4)","background-image":"","background-repeat":"repeat","background-position":"center center","background-size":"auto","background-attachment":"scroll","background-type":"","background-media":"","overlay-type":"","overlay-color":"","overlay-opacity":"","overlay-gradient":""},"tablet":{"background-color":"","background-image":"","background-repeat":"repeat","background-position":"center center","background-size":"auto","background-attachment":"scroll","background-type":"","background-media":"","overlay-type":"","overlay-color":"","overlay-opacity":"","overlay-gradient":""},"mobile":{"background-color":"","background-image":"","background-repeat":"repeat","background-position":"center center","background-size":"auto","background-attachment":"scroll","background-type":"","background-media":"","overlay-type":"","overlay-color":"","overlay-opacity":"","overlay-gradient":""}},"ast-content-background-meta":{"desktop":{"background-color":"var(--ast-global-color-5)","background-image":"","background-repeat":"repeat","background-position":"center center","background-size":"auto","background-attachment":"scroll","background-type":"","background-media":"","overlay-type":"","overlay-color":"","overlay-opacity":"","overlay-gradient":""},"tablet":{"background-color":"var(--ast-global-color-5)","background-image":"","background-repeat":"repeat","background-position":"center center","background-size":"auto","background-attachment":"scroll","background-type":"","background-media":"","overlay-type":"","overlay-color":"","overlay-opacity":"","overlay-gradient":""},"mobile":{"background-color":"var(--ast-global-color-5)","background-image":"","background-repeat":"repeat","background-position":"center center","background-size":"auto","background-attachment":"scroll","background-type":"","background-media":"","overlay-type":"","overlay-color":"","overlay-opacity":"","overlay-gradient":""}}},"product_brand":[500],"product_cat":[15],"product_tag":[],"class_list":{"0":"post-3935","1":"product","2":"type-product","3":"status-publish","4":"has-post-thumbnail","6":"product_brand-terra-ferma-costers-del-segre","7":"product_cat-sin-categoria","8":"desktop-align-left","9":"tablet-align-left","10":"mobile-align-left","12":"first","13":"instock","14":"shipping-taxable","15":"product-type-simple"},"acf":[],"yoast_head":"<!-- This site is optimized with the Yoast SEO plugin v22.9 - https:\/\/yoast.com\/wordpress\/plugins\/seo\/ -->\n<title>Terra Ferma Negre - VINITOR<\/title>\n<meta name=\"description\" content=\"Terra Ferma Negre is a red wine from Costers del Segre made with Garnacha Negra, Cabernet Sauvignon and Syrah. Velvety, expressive and long.\" \/>\n<meta name=\"robots\" content=\"index, follow, max-snippet:-1, max-image-preview:large, max-video-preview:-1\" \/>\n<link rel=\"canonical\" href=\"https:\/\/vinitor.wine\/cs\/vina\/terra-ferma-negre-costers-del-segre\/\" \/>\n<meta property=\"og:locale\" content=\"cs_CZ\" \/>\n<meta property=\"og:type\" content=\"article\" \/>\n<meta property=\"og:title\" content=\"Terra Ferma Negre - VINITOR\" \/>\n<meta property=\"og:description\" content=\"Terra Ferma Negre is a red wine from Costers del Segre made with Garnacha Negra, Cabernet Sauvignon and Syrah. Velvety, expressive and long.\" \/>\n<meta property=\"og:url\" content=\"https:\/\/vinitor.wine\/cs\/vina\/terra-ferma-negre-costers-del-segre\/\" \/>\n<meta property=\"og:site_name\" content=\"VINITOR\" \/>\n<meta property=\"article:publisher\" content=\"https:\/\/www.facebook.com\/vinitor.wine\/\" \/>\n<meta property=\"article:modified_time\" content=\"2025-10-07T09:53:42+00:00\" \/>\n<meta property=\"og:image\" content=\"https:\/\/vinitor.wine\/wp-content\/uploads\/2025\/08\/Terra-Ferma-negre.png\" \/>\n\t<meta property=\"og:image:width\" content=\"1080\" \/>\n\t<meta property=\"og:image:height\" content=\"1080\" \/>\n\t<meta property=\"og:image:type\" content=\"image\/png\" \/>\n<meta name=\"twitter:card\" content=\"summary_large_image\" \/>\n<meta name=\"twitter:label1\" content=\"Odhadovan\u00e1 doba \u010dten\u00ed\" \/>\n\t<meta name=\"twitter:data1\" content=\"2 minuty\" \/>\n<script type=\"application\/ld+json\" class=\"yoast-schema-graph\">{\"@context\":\"https:\/\/schema.org\",\"@graph\":[{\"@type\":\"WebPage\",\"@id\":\"https:\/\/vinitor.wine\/wines\/terra-ferma-negre-costers-del-segre\/\",\"url\":\"https:\/\/vinitor.wine\/wines\/terra-ferma-negre-costers-del-segre\/\",\"name\":\"Terra Ferma Negre - VINITOR\",\"isPartOf\":{\"@id\":\"https:\/\/vinitor.wine\/#website\"},\"primaryImageOfPage\":{\"@id\":\"https:\/\/vinitor.wine\/wines\/terra-ferma-negre-costers-del-segre\/#primaryimage\"},\"image\":{\"@id\":\"https:\/\/vinitor.wine\/wines\/terra-ferma-negre-costers-del-segre\/#primaryimage\"},\"thumbnailUrl\":\"https:\/\/vinitor.wine\/wp-content\/uploads\/2025\/08\/Terra-Ferma-negre.png\",\"datePublished\":\"2025-05-06T11:30:25+00:00\",\"dateModified\":\"2025-10-07T09:53:42+00:00\",\"description\":\"Terra Ferma Negre is a red wine from Costers del Segre made with Garnacha Negra, Cabernet Sauvignon and Syrah. Velvety, expressive and long.\",\"breadcrumb\":{\"@id\":\"https:\/\/vinitor.wine\/wines\/terra-ferma-negre-costers-del-segre\/#breadcrumb\"},\"inLanguage\":\"cs\",\"potentialAction\":[{\"@type\":\"ReadAction\",\"target\":[\"https:\/\/vinitor.wine\/wines\/terra-ferma-negre-costers-del-segre\/\"]}]},{\"@type\":\"ImageObject\",\"inLanguage\":\"cs\",\"@id\":\"https:\/\/vinitor.wine\/wines\/terra-ferma-negre-costers-del-segre\/#primaryimage\",\"url\":\"https:\/\/vinitor.wine\/wp-content\/uploads\/2025\/08\/Terra-Ferma-negre.png\",\"contentUrl\":\"https:\/\/vinitor.wine\/wp-content\/uploads\/2025\/08\/Terra-Ferma-negre.png\",\"width\":1080,\"height\":1080},{\"@type\":\"BreadcrumbList\",\"@id\":\"https:\/\/vinitor.wine\/wines\/terra-ferma-negre-costers-del-segre\/#breadcrumb\",\"itemListElement\":[{\"@type\":\"ListItem\",\"position\":1,\"name\":\"Home\",\"item\":\"https:\/\/vinitor.wine\/en\/\"},{\"@type\":\"ListItem\",\"position\":2,\"name\":\"Productos\",\"item\":\"https:\/\/vinitor.wine\/tienda\/\"},{\"@type\":\"ListItem\",\"position\":3,\"name\":\"Terra Ferma Negre\"}]},{\"@type\":\"WebSite\",\"@id\":\"https:\/\/vinitor.wine\/#website\",\"url\":\"https:\/\/vinitor.wine\/\",\"name\":\"VINITOR\",\"description\":\"Your dedicated export department for premium Spanish wines, bridging wineries in Spain with importers worldwide\",\"publisher\":{\"@id\":\"https:\/\/vinitor.wine\/#organization\"},\"potentialAction\":[{\"@type\":\"SearchAction\",\"target\":{\"@type\":\"EntryPoint\",\"urlTemplate\":\"https:\/\/vinitor.wine\/?s={search_term_string}\"},\"query-input\":\"required name=search_term_string\"}],\"inLanguage\":\"cs\"},{\"@type\":\"Organization\",\"@id\":\"https:\/\/vinitor.wine\/#organization\",\"name\":\"VINITOR\",\"url\":\"https:\/\/vinitor.wine\/\",\"logo\":{\"@type\":\"ImageObject\",\"inLanguage\":\"cs\",\"@id\":\"https:\/\/vinitor.wine\/#\/schema\/logo\/image\/\",\"url\":\"https:\/\/vinitor.wine\/wp-content\/uploads\/2024\/10\/cropped-Vinitor_Logo-03.png\",\"contentUrl\":\"https:\/\/vinitor.wine\/wp-content\/uploads\/2024\/10\/cropped-Vinitor_Logo-03.png\",\"width\":512,\"height\":512,\"caption\":\"VINITOR\"},\"image\":{\"@id\":\"https:\/\/vinitor.wine\/#\/schema\/logo\/image\/\"},\"sameAs\":[\"https:\/\/www.facebook.com\/vinitor.wine\/\",\"https:\/\/www.instagram.com\/vinitor.wine\/\",\"https:\/\/es.linkedin.com\/company\/vinitor\"]}]}<\/script>\n<!-- \/ Yoast SEO plugin. -->","yoast_head_json":{"title":"Terra Ferma Negre - VINITOR","description":"Terra Ferma Negre je \u010derven\u00e9 v\u00edno z oblasti Costers del Segre, vyroben\u00e9 z odr\u016fd Garnacha Negra, Cabernet Sauvignon a Syrah. Sametov\u00e9, v\u00fdrazn\u00e9 a s dlouh\u00fdm z\u00e1v\u011brem.","robots":{"index":"index","follow":"follow","max-snippet":"max-snippet:-1","max-image-preview":"max-image-preview:large","max-video-preview":"max-video-preview:-1"},"canonical":"https:\/\/vinitor.wine\/cs\/vina\/terra-ferma-negre-costers-del-segre\/","og_locale":"cs_CZ","og_type":"article","og_title":"Terra Ferma Negre - VINITOR","og_description":"Terra Ferma Negre is a red wine from Costers del Segre made with Garnacha Negra, Cabernet Sauvignon and Syrah. Velvety, expressive and long.","og_url":"https:\/\/vinitor.wine\/cs\/vina\/terra-ferma-negre-costers-del-segre\/","og_site_name":"VINITOR","article_publisher":"https:\/\/www.facebook.com\/vinitor.wine\/","article_modified_time":"2025-10-07T09:53:42+00:00","og_image":[{"width":1080,"height":1080,"url":"https:\/\/vinitor.wine\/wp-content\/uploads\/2025\/08\/Terra-Ferma-negre.png","type":"image\/png"}],"twitter_card":"summary_large_image","twitter_misc":{"Odhadovan\u00e1 doba \u010dten\u00ed":"2 minuty"},"schema":{"@context":"https:\/\/schema.org","@graph":[{"@type":"WebPage","@id":"https:\/\/vinitor.wine\/wines\/terra-ferma-negre-costers-del-segre\/","url":"https:\/\/vinitor.wine\/wines\/terra-ferma-negre-costers-del-segre\/","name":"Terra Ferma Negre - VINITOR","isPartOf":{"@id":"https:\/\/vinitor.wine\/#website"},"primaryImageOfPage":{"@id":"https:\/\/vinitor.wine\/wines\/terra-ferma-negre-costers-del-segre\/#primaryimage"},"image":{"@id":"https:\/\/vinitor.wine\/wines\/terra-ferma-negre-costers-del-segre\/#primaryimage"},"thumbnailUrl":"https:\/\/vinitor.wine\/wp-content\/uploads\/2025\/08\/Terra-Ferma-negre.png","datePublished":"2025-05-06T11:30:25+00:00","dateModified":"2025-10-07T09:53:42+00:00","description":"Terra Ferma Negre je \u010derven\u00e9 v\u00edno z oblasti Costers del Segre, vyroben\u00e9 z odr\u016fd Garnacha Negra, Cabernet Sauvignon a Syrah. Sametov\u00e9, v\u00fdrazn\u00e9 a s dlouh\u00fdm z\u00e1v\u011brem.","breadcrumb":{"@id":"https:\/\/vinitor.wine\/wines\/terra-ferma-negre-costers-del-segre\/#breadcrumb"},"inLanguage":"cs","potentialAction":[{"@type":"ReadAction","target":["https:\/\/vinitor.wine\/wines\/terra-ferma-negre-costers-del-segre\/"]}]},{"@type":"ImageObject","inLanguage":"cs","@id":"https:\/\/vinitor.wine\/wines\/terra-ferma-negre-costers-del-segre\/#primaryimage","url":"https:\/\/vinitor.wine\/wp-content\/uploads\/2025\/08\/Terra-Ferma-negre.png","contentUrl":"https:\/\/vinitor.wine\/wp-content\/uploads\/2025\/08\/Terra-Ferma-negre.png","width":1080,"height":1080},{"@type":"BreadcrumbList","@id":"https:\/\/vinitor.wine\/wines\/terra-ferma-negre-costers-del-segre\/#breadcrumb","itemListElement":[{"@type":"ListItem","position":1,"name":"Home","item":"https:\/\/vinitor.wine\/en\/"},{"@type":"ListItem","position":2,"name":"Productos","item":"https:\/\/vinitor.wine\/tienda\/"},{"@type":"ListItem","position":3,"name":"Terra Ferma Negre"}]},{"@type":"WebSite","@id":"https:\/\/vinitor.wine\/#website","url":"https:\/\/vinitor.wine\/","name":"VINITOR","description":"V\u00e1\u0161 specializovan\u00fd exportn\u00ed t\u00fdm pro pr\u00e9miov\u00e1 \u0161pan\u011blsk\u00e1 v\u00edna, spojuj\u00edc\u00ed vina\u0159stv\u00ed ve \u0160pan\u011blsku s import\u00e9ry po cel\u00e9m sv\u011bt\u011b","publisher":{"@id":"https:\/\/vinitor.wine\/#organization"},"potentialAction":[{"@type":"SearchAction","target":{"@type":"EntryPoint","urlTemplate":"https:\/\/vinitor.wine\/?s={search_term_string}"},"query-input":"required name=search_term_string"}],"inLanguage":"cs"},{"@type":"Organization","@id":"https:\/\/vinitor.wine\/#organization","name":"VINITOR","url":"https:\/\/vinitor.wine\/","logo":{"@type":"ImageObject","inLanguage":"cs","@id":"https:\/\/vinitor.wine\/#\/schema\/logo\/image\/","url":"https:\/\/vinitor.wine\/wp-content\/uploads\/2024\/10\/cropped-Vinitor_Logo-03.png","contentUrl":"https:\/\/vinitor.wine\/wp-content\/uploads\/2024\/10\/cropped-Vinitor_Logo-03.png","width":512,"height":512,"caption":"VINITOR"},"image":{"@id":"https:\/\/vinitor.wine\/#\/schema\/logo\/image\/"},"sameAs":["https:\/\/www.facebook.com\/vinitor.wine\/","https:\/\/www.instagram.com\/vinitor.wine\/","https:\/\/es.linkedin.com\/company\/vinitor"]}]}},"_links":{"self":[{"href":"https:\/\/vinitor.wine\/cs\/wp-json\/wp\/v2\/product\/3935","targetHints":{"allow":["GET"]}}],"collection":[{"href":"https:\/\/vinitor.wine\/cs\/wp-json\/wp\/v2\/product"}],"about":[{"href":"https:\/\/vinitor.wine\/cs\/wp-json\/wp\/v2\/types\/product"}],"version-history":[{"count":0,"href":"https:\/\/vinitor.wine\/cs\/wp-json\/wp\/v2\/product\/3935\/revisions"}],"wp:featuredmedia":[{"embeddable":true,"href":"https:\/\/vinitor.wine\/cs\/wp-json\/wp\/v2\/media\/3930"}],"wp:attachment":[{"href":"https:\/\/vinitor.wine\/cs\/wp-json\/wp\/v2\/media?parent=3935"}],"wp:term":[{"taxonomy":"product_brand","embeddable":true,"href":"https:\/\/vinitor.wine\/cs\/wp-json\/wp\/v2\/product_brand?post=3935"},{"taxonomy":"product_cat","embeddable":true,"href":"https:\/\/vinitor.wine\/cs\/wp-json\/wp\/v2\/product_cat?post=3935"},{"taxonomy":"product_tag","embeddable":true,"href":"https:\/\/vinitor.wine\/cs\/wp-json\/wp\/v2\/product_tag?post=3935"}],"curies":[{"name":"wp","href":"https:\/\/api.w.org\/{rel}","templated":true}]}}