{"id":2128,"date":"2025-04-29T16:47:12","date_gmt":"2025-04-29T14:47:12","guid":{"rendered":"https:\/\/vinitor.wine\/?post_type=product&#038;p=2128"},"modified":"2025-10-07T12:42:16","modified_gmt":"2025-10-07T10:42:16","slug":"mudefer-crianca-negre","status":"publish","type":"product","link":"https:\/\/vinitor.wine\/nl\/wines\/mudefer-crianca-negre\/","title":{"rendered":"Mud\u00e8fer Crian\u00e7a Negre"},"content":{"rendered":"<p data-start=\"245\" data-end=\"479\">Mud\u00e8fer Crian\u00e7a Negre is de meest verfijnde en volwassen uitdrukking van de inheemse rode vari\u00ebteiten van Terra Alta. De naam eert de berg Mud\u00e8fer, een natuurlijke formatie die het lokale landschap domineert en de oudste wijngaarden van de wijnmakerij beschermt.<\/p>\n<p data-start=\"481\" data-end=\"875\">Deze Cari\u00f1ena en Garnacha Negra wijnstokken zijn geplant op natuurlijke terrassen boven \u201cpanal\u201d bodems, een gefossiliseerde zandformatie die uniek is voor de regio. Gelegen tussen 400 en 550 meter boven zeeniveau en omgeven door bossen, groeien ze in omstandigheden van lage jaarlijkse neerslag, meestal onder de 400 mm. Deze omgeving bevordert gezonde wijnstokken, minimale interventie en maximale expressie van het terroir.<\/p>\n<p data-start=\"877\" data-end=\"1368\">De winden spelen een beslissende rol in het karakter van de wijn. Overdag waait de droge Cierzo-wind uit het noordwesten door de wijngaarden, waardoor de planten gezond blijven en de behoefte aan behandelingen vermindert. 's Avonds brengt de Garb\u00ed, een zachte zeebries, vocht en koelt de lucht, waardoor de druiven langzaam en evenwichtig rijpen. Deze unieke ontmoeting van continentale en mediterrane invloeden produceert wijnen met kracht, structuur en een natuurlijke zuurgraad die uitnodigt tot nog een slok.<\/p>\n<p data-start=\"1370\" data-end=\"1695\">De wijnbereiding volgt een respectvolle en precieze aanpak. De fermentatie vindt plaats bij gecontroleerde temperaturen in roestvrijstalen tanks om de zuiverheid van elke vari\u00ebteit te behouden. De wijn rijpt vervolgens acht tot tien maanden in een combinatie van Franse en Amerikaanse eiken vaten, waardoor hij body, zijdezachte textuur en aromatische complexiteit krijgt.<\/p>\n<p data-start=\"1697\" data-end=\"1961\">Het resultaat is een rode wijn met opvallende aromatische intensiteit, met rijp rood fruit, hints van jam, geroosterde tonen en subtiele rokerigheid. In de mond is hij breed, levendig en in balans, met fijne zijdezachte tannines en een lange afdronk die de authenticiteit van zijn oorsprong weerspiegelt.<\/p>\n<p data-start=\"1963\" data-end=\"2205\">Mud\u00e8fer Crian\u00e7a Negre is perfect voor liefhebbers van rode wijnen die kunnen rijpen. Hij past prachtig bij traditionele gerechten, geroosterd rood vlees, bergstoofschotels en gerijpte kazen. Het is een wijn die spreekt van land, wind en de serene schoonheid van Terra Alta.<\/p>","protected":false},"excerpt":{"rendered":"<p>Vlaggenschip rode wijn uit Terra Alta, met Cari\u00f1ena en Garnacha Negra en rijping in Frans eikenhout voor rijkdom, elegantie en Mediterrane diepte.<\/p>","protected":false},"featured_media":2129,"template":"","meta":{"_acf_changed":false,"site-sidebar-layout":"default","site-content-layout":"","ast-site-content-layout":"default","site-content-style":"default","site-sidebar-style":"default","ast-global-header-display":"","ast-banner-title-visibility":"","ast-main-header-display":"","ast-hfb-above-header-display":"","ast-hfb-below-header-display":"","ast-hfb-mobile-header-display":"","site-post-title":"","ast-breadcrumbs-content":"","ast-featured-img":"","footer-sml-layout":"","ast-disable-related-posts":"","theme-transparent-header-meta":"default","adv-header-id-meta":"","stick-header-meta":"","header-above-stick-meta":"","header-main-stick-meta":"","header-below-stick-meta":"","astra-migrate-meta-layouts":"set","ast-page-background-enabled":"default","ast-page-background-meta":{"desktop":{"background-color":"var(--ast-global-color-4)","background-image":"","background-repeat":"repeat","background-position":"center center","background-size":"auto","background-attachment":"scroll","background-type":"","background-media":"","overlay-type":"","overlay-color":"","overlay-opacity":"","overlay-gradient":""},"tablet":{"background-color":"","background-image":"","background-repeat":"repeat","background-position":"center center","background-size":"auto","background-attachment":"scroll","background-type":"","background-media":"","overlay-type":"","overlay-color":"","overlay-opacity":"","overlay-gradient":""},"mobile":{"background-color":"","background-image":"","background-repeat":"repeat","background-position":"center center","background-size":"auto","background-attachment":"scroll","background-type":"","background-media":"","overlay-type":"","overlay-color":"","overlay-opacity":"","overlay-gradient":""}},"ast-content-background-meta":{"desktop":{"background-color":"var(--ast-global-color-5)","background-image":"","background-repeat":"repeat","background-position":"center center","background-size":"auto","background-attachment":"scroll","background-type":"","background-media":"","overlay-type":"","overlay-color":"","overlay-opacity":"","overlay-gradient":""},"tablet":{"background-color":"var(--ast-global-color-5)","background-image":"","background-repeat":"repeat","background-position":"center center","background-size":"auto","background-attachment":"scroll","background-type":"","background-media":"","overlay-type":"","overlay-color":"","overlay-opacity":"","overlay-gradient":""},"mobile":{"background-color":"var(--ast-global-color-5)","background-image":"","background-repeat":"repeat","background-position":"center center","background-size":"auto","background-attachment":"scroll","background-type":"","background-media":"","overlay-type":"","overlay-color":"","overlay-opacity":"","overlay-gradient":""}}},"product_brand":[397],"product_cat":[15],"product_tag":[],"class_list":{"0":"post-2128","1":"product","2":"type-product","3":"status-publish","4":"has-post-thumbnail","6":"product_brand-celler-la-botera","7":"product_cat-sin-categoria","8":"desktop-align-left","9":"tablet-align-left","10":"mobile-align-left","12":"first","13":"outofstock","14":"shipping-taxable","15":"product-type-variable"},"acf":[],"yoast_head":"<!-- This site is optimized with the Yoast SEO plugin v22.9 - https:\/\/yoast.com\/wordpress\/plugins\/seo\/ -->\n<title>Mud\u00e8fer Crian\u00e7a Negre - VINITOR<\/title>\n<meta name=\"description\" content=\"Flagship Cari\u00f1ena and Garnacha Negra from Terra Alta, aged 8\u201310 months in French oak, with ripe fruit, fine tannins, and elegant balance.\" \/>\n<meta name=\"robots\" content=\"index, follow, max-snippet:-1, max-image-preview:large, max-video-preview:-1\" \/>\n<link rel=\"canonical\" href=\"https:\/\/vinitor.wine\/nl\/wijnen\/mudefer-crianca-negre\/\" \/>\n<meta property=\"og:locale\" content=\"nl_NL\" \/>\n<meta property=\"og:type\" content=\"article\" \/>\n<meta property=\"og:title\" content=\"Mud\u00e8fer Crian\u00e7a Negre - VINITOR\" \/>\n<meta property=\"og:description\" content=\"Flagship Cari\u00f1ena and Garnacha Negra from Terra Alta, aged 8\u201310 months in French oak, with ripe fruit, fine tannins, and elegant balance.\" \/>\n<meta property=\"og:url\" content=\"https:\/\/vinitor.wine\/nl\/wijnen\/mudefer-crianca-negre\/\" \/>\n<meta property=\"og:site_name\" content=\"VINITOR\" \/>\n<meta property=\"article:publisher\" content=\"https:\/\/www.facebook.com\/vinitor.wine\/\" \/>\n<meta property=\"article:modified_time\" content=\"2025-10-07T10:42:16+00:00\" \/>\n<meta property=\"og:image\" content=\"https:\/\/vinitor.wine\/wp-content\/uploads\/2025\/04\/VINO-MUDEFER-CRIANCA-NEGRE.png\" \/>\n\t<meta property=\"og:image:width\" content=\"1080\" \/>\n\t<meta property=\"og:image:height\" content=\"1080\" \/>\n\t<meta property=\"og:image:type\" content=\"image\/png\" \/>\n<meta name=\"twitter:card\" content=\"summary_large_image\" \/>\n<meta name=\"twitter:label1\" content=\"Geschatte leestijd\" \/>\n\t<meta name=\"twitter:data1\" content=\"2 minuten\" \/>\n<script type=\"application\/ld+json\" class=\"yoast-schema-graph\">{\"@context\":\"https:\/\/schema.org\",\"@graph\":[{\"@type\":\"WebPage\",\"@id\":\"https:\/\/vinitor.wine\/wines\/mudefer-crianca-negre\/\",\"url\":\"https:\/\/vinitor.wine\/wines\/mudefer-crianca-negre\/\",\"name\":\"Mud\u00e8fer Crian\u00e7a Negre - VINITOR\",\"isPartOf\":{\"@id\":\"https:\/\/vinitor.wine\/#website\"},\"primaryImageOfPage\":{\"@id\":\"https:\/\/vinitor.wine\/wines\/mudefer-crianca-negre\/#primaryimage\"},\"image\":{\"@id\":\"https:\/\/vinitor.wine\/wines\/mudefer-crianca-negre\/#primaryimage\"},\"thumbnailUrl\":\"https:\/\/vinitor.wine\/wp-content\/uploads\/2025\/04\/VINO-MUDEFER-CRIANCA-NEGRE.png\",\"datePublished\":\"2025-04-29T14:47:12+00:00\",\"dateModified\":\"2025-10-07T10:42:16+00:00\",\"description\":\"Flagship Cari\u00f1ena and Garnacha Negra from Terra Alta, aged 8\u201310 months in French oak, with ripe fruit, fine tannins, and elegant balance.\",\"breadcrumb\":{\"@id\":\"https:\/\/vinitor.wine\/wines\/mudefer-crianca-negre\/#breadcrumb\"},\"inLanguage\":\"nl-NL\",\"potentialAction\":[{\"@type\":\"ReadAction\",\"target\":[\"https:\/\/vinitor.wine\/wines\/mudefer-crianca-negre\/\"]}]},{\"@type\":\"ImageObject\",\"inLanguage\":\"nl-NL\",\"@id\":\"https:\/\/vinitor.wine\/wines\/mudefer-crianca-negre\/#primaryimage\",\"url\":\"https:\/\/vinitor.wine\/wp-content\/uploads\/2025\/04\/VINO-MUDEFER-CRIANCA-NEGRE.png\",\"contentUrl\":\"https:\/\/vinitor.wine\/wp-content\/uploads\/2025\/04\/VINO-MUDEFER-CRIANCA-NEGRE.png\",\"width\":1080,\"height\":1080},{\"@type\":\"BreadcrumbList\",\"@id\":\"https:\/\/vinitor.wine\/wines\/mudefer-crianca-negre\/#breadcrumb\",\"itemListElement\":[{\"@type\":\"ListItem\",\"position\":1,\"name\":\"Home\",\"item\":\"https:\/\/vinitor.wine\/en\/\"},{\"@type\":\"ListItem\",\"position\":2,\"name\":\"Productos\",\"item\":\"https:\/\/vinitor.wine\/tienda\/\"},{\"@type\":\"ListItem\",\"position\":3,\"name\":\"Mud\u00e8fer Crian\u00e7a Negre\"}]},{\"@type\":\"WebSite\",\"@id\":\"https:\/\/vinitor.wine\/#website\",\"url\":\"https:\/\/vinitor.wine\/\",\"name\":\"VINITOR\",\"description\":\"Your dedicated export department for premium Spanish wines, bridging wineries in Spain with importers worldwide\",\"publisher\":{\"@id\":\"https:\/\/vinitor.wine\/#organization\"},\"potentialAction\":[{\"@type\":\"SearchAction\",\"target\":{\"@type\":\"EntryPoint\",\"urlTemplate\":\"https:\/\/vinitor.wine\/?s={search_term_string}\"},\"query-input\":\"required name=search_term_string\"}],\"inLanguage\":\"nl-NL\"},{\"@type\":\"Organization\",\"@id\":\"https:\/\/vinitor.wine\/#organization\",\"name\":\"VINITOR\",\"url\":\"https:\/\/vinitor.wine\/\",\"logo\":{\"@type\":\"ImageObject\",\"inLanguage\":\"nl-NL\",\"@id\":\"https:\/\/vinitor.wine\/#\/schema\/logo\/image\/\",\"url\":\"https:\/\/vinitor.wine\/wp-content\/uploads\/2024\/10\/cropped-Vinitor_Logo-03.png\",\"contentUrl\":\"https:\/\/vinitor.wine\/wp-content\/uploads\/2024\/10\/cropped-Vinitor_Logo-03.png\",\"width\":512,\"height\":512,\"caption\":\"VINITOR\"},\"image\":{\"@id\":\"https:\/\/vinitor.wine\/#\/schema\/logo\/image\/\"},\"sameAs\":[\"https:\/\/www.facebook.com\/vinitor.wine\/\",\"https:\/\/www.instagram.com\/vinitor.wine\/\",\"https:\/\/es.linkedin.com\/company\/vinitor\"]}]}<\/script>\n<!-- \/ Yoast SEO plugin. -->","yoast_head_json":{"title":"Mud\u00e8fer Crian\u00e7a Negre - VINITOR","description":"De topwijn van Cari\u00f1ena en Garnacha Negra uit Terra Alta, 8-10 maanden gerijpt op Frans eiken, met rijp fruit, fijne tannines en een elegante balans.","robots":{"index":"index","follow":"follow","max-snippet":"max-snippet:-1","max-image-preview":"max-image-preview:large","max-video-preview":"max-video-preview:-1"},"canonical":"https:\/\/vinitor.wine\/nl\/wijnen\/mudefer-crianca-negre\/","og_locale":"nl_NL","og_type":"article","og_title":"Mud\u00e8fer Crian\u00e7a Negre - VINITOR","og_description":"Flagship Cari\u00f1ena and Garnacha Negra from Terra Alta, aged 8\u201310 months in French oak, with ripe fruit, fine tannins, and elegant balance.","og_url":"https:\/\/vinitor.wine\/nl\/wijnen\/mudefer-crianca-negre\/","og_site_name":"VINITOR","article_publisher":"https:\/\/www.facebook.com\/vinitor.wine\/","article_modified_time":"2025-10-07T10:42:16+00:00","og_image":[{"width":1080,"height":1080,"url":"https:\/\/vinitor.wine\/wp-content\/uploads\/2025\/04\/VINO-MUDEFER-CRIANCA-NEGRE.png","type":"image\/png"}],"twitter_card":"summary_large_image","twitter_misc":{"Geschatte leestijd":"2 minuten"},"schema":{"@context":"https:\/\/schema.org","@graph":[{"@type":"WebPage","@id":"https:\/\/vinitor.wine\/wines\/mudefer-crianca-negre\/","url":"https:\/\/vinitor.wine\/wines\/mudefer-crianca-negre\/","name":"Mud\u00e8fer Crian\u00e7a Negre - VINITOR","isPartOf":{"@id":"https:\/\/vinitor.wine\/#website"},"primaryImageOfPage":{"@id":"https:\/\/vinitor.wine\/wines\/mudefer-crianca-negre\/#primaryimage"},"image":{"@id":"https:\/\/vinitor.wine\/wines\/mudefer-crianca-negre\/#primaryimage"},"thumbnailUrl":"https:\/\/vinitor.wine\/wp-content\/uploads\/2025\/04\/VINO-MUDEFER-CRIANCA-NEGRE.png","datePublished":"2025-04-29T14:47:12+00:00","dateModified":"2025-10-07T10:42:16+00:00","description":"De topwijn van Cari\u00f1ena en Garnacha Negra uit Terra Alta, 8-10 maanden gerijpt op Frans eiken, met rijp fruit, fijne tannines en een elegante balans.","breadcrumb":{"@id":"https:\/\/vinitor.wine\/wines\/mudefer-crianca-negre\/#breadcrumb"},"inLanguage":"nl-NL","potentialAction":[{"@type":"ReadAction","target":["https:\/\/vinitor.wine\/wines\/mudefer-crianca-negre\/"]}]},{"@type":"ImageObject","inLanguage":"nl-NL","@id":"https:\/\/vinitor.wine\/wines\/mudefer-crianca-negre\/#primaryimage","url":"https:\/\/vinitor.wine\/wp-content\/uploads\/2025\/04\/VINO-MUDEFER-CRIANCA-NEGRE.png","contentUrl":"https:\/\/vinitor.wine\/wp-content\/uploads\/2025\/04\/VINO-MUDEFER-CRIANCA-NEGRE.png","width":1080,"height":1080},{"@type":"BreadcrumbList","@id":"https:\/\/vinitor.wine\/wines\/mudefer-crianca-negre\/#breadcrumb","itemListElement":[{"@type":"ListItem","position":1,"name":"Home","item":"https:\/\/vinitor.wine\/en\/"},{"@type":"ListItem","position":2,"name":"Productos","item":"https:\/\/vinitor.wine\/tienda\/"},{"@type":"ListItem","position":3,"name":"Mud\u00e8fer Crian\u00e7a Negre"}]},{"@type":"WebSite","@id":"https:\/\/vinitor.wine\/#website","url":"https:\/\/vinitor.wine\/","name":"VINITOR","description":"Uw toegewijde exportafdeling voor premium Spaanse wijnen, die Spaanse wijnhuizen verbindt met importeurs wereldwijd","publisher":{"@id":"https:\/\/vinitor.wine\/#organization"},"potentialAction":[{"@type":"SearchAction","target":{"@type":"EntryPoint","urlTemplate":"https:\/\/vinitor.wine\/?s={search_term_string}"},"query-input":"required name=search_term_string"}],"inLanguage":"nl-NL"},{"@type":"Organization","@id":"https:\/\/vinitor.wine\/#organization","name":"VINITOR","url":"https:\/\/vinitor.wine\/","logo":{"@type":"ImageObject","inLanguage":"nl-NL","@id":"https:\/\/vinitor.wine\/#\/schema\/logo\/image\/","url":"https:\/\/vinitor.wine\/wp-content\/uploads\/2024\/10\/cropped-Vinitor_Logo-03.png","contentUrl":"https:\/\/vinitor.wine\/wp-content\/uploads\/2024\/10\/cropped-Vinitor_Logo-03.png","width":512,"height":512,"caption":"VINITOR"},"image":{"@id":"https:\/\/vinitor.wine\/#\/schema\/logo\/image\/"},"sameAs":["https:\/\/www.facebook.com\/vinitor.wine\/","https:\/\/www.instagram.com\/vinitor.wine\/","https:\/\/es.linkedin.com\/company\/vinitor"]}]}},"_links":{"self":[{"href":"https:\/\/vinitor.wine\/nl\/wp-json\/wp\/v2\/product\/2128","targetHints":{"allow":["GET"]}}],"collection":[{"href":"https:\/\/vinitor.wine\/nl\/wp-json\/wp\/v2\/product"}],"about":[{"href":"https:\/\/vinitor.wine\/nl\/wp-json\/wp\/v2\/types\/product"}],"version-history":[{"count":0,"href":"https:\/\/vinitor.wine\/nl\/wp-json\/wp\/v2\/product\/2128\/revisions"}],"wp:featuredmedia":[{"embeddable":true,"href":"https:\/\/vinitor.wine\/nl\/wp-json\/wp\/v2\/media\/2129"}],"wp:attachment":[{"href":"https:\/\/vinitor.wine\/nl\/wp-json\/wp\/v2\/media?parent=2128"}],"wp:term":[{"taxonomy":"product_brand","embeddable":true,"href":"https:\/\/vinitor.wine\/nl\/wp-json\/wp\/v2\/product_brand?post=2128"},{"taxonomy":"product_cat","embeddable":true,"href":"https:\/\/vinitor.wine\/nl\/wp-json\/wp\/v2\/product_cat?post=2128"},{"taxonomy":"product_tag","embeddable":true,"href":"https:\/\/vinitor.wine\/nl\/wp-json\/wp\/v2\/product_tag?post=2128"}],"curies":[{"name":"wp","href":"https:\/\/api.w.org\/{rel}","templated":true}]}}