{"id":2182,"date":"2025-05-02T12:24:54","date_gmt":"2025-05-02T10:24:54","guid":{"rendered":"https:\/\/vinitor.wine\/?post_type=product&#038;p=2182"},"modified":"2025-10-07T12:18:13","modified_gmt":"2025-10-07T10:18:13","slug":"s-amfora-mudefer-negre-envelhecido-debaixo-dagua","status":"publish","type":"product","link":"https:\/\/vinitor.wine\/pt\/wines\/s-amfora-mudefer-negre-underwater-aged\/","title":{"rendered":"S\u2019\u00c0mfora Mud\u00e8fer Negre"},"content":{"rendered":"<p data-start=\"444\" data-end=\"931\">O S\u2019\u00c0mfora Mud\u00e8fer Negre \u00e9 um vinho tinto de produ\u00e7\u00e3o muito limitada, nascido das vinhas mais antigas da Celler La Botera, situadas entre 400 e 550 metros acima do n\u00edvel do mar em Terra Alta. As parcelas est\u00e3o em vales rodeados por florestas e s\u00e3o cultivadas em terra\u00e7os naturais de solos \u201cpanal\u201d, que s\u00e3o profundos, calc\u00e1rios e perme\u00e1veis. Gra\u00e7as a um clima seco, com precipita\u00e7\u00e3o anual raramente ultrapassando 400 mil\u00edmetros, as videiras crescem em condi\u00e7\u00f5es que favorecem uma viticultura saud\u00e1vel e de baixa interven\u00e7\u00e3o.<\/p>\n<p data-start=\"933\" data-end=\"1239\">Composto por 75% de Cari\u00f1ena e 25% de Garnacha Negra, as uvas s\u00e3o colhidas e cuidadosamente selecionadas \u00e0 m\u00e3o sob pr\u00e1ticas agr\u00edcolas sustent\u00e1veis. Al\u00e9m disso, tanto a fermenta\u00e7\u00e3o alco\u00f3lica quanto a malol\u00e1tica ocorrem espontaneamente, preservando a autenticidade varietal e o car\u00e1ter do terroir.<\/p>\n<p data-start=\"1241\" data-end=\"1771\">O processo de envelhecimento se desenrola em duas etapas distintas. Primeiro, o vinho repousa por oito a dez meses em uma combina\u00e7\u00e3o de barricas de carvalho franc\u00eas e americano, ganhando estrutura, complexidade arom\u00e1tica e volume. Em seguida, \u00e9 transferido para \u00e2nforas de barro e submerso a uma profundidade de 20 metros pr\u00f3ximo ao Delta do Ebro. Aqui, a press\u00e3o constante, a temperatura est\u00e1vel e o movimento suave e cont\u00ednuo do mar criam um ambiente \u00fanico. Como resultado, o vinho desenvolve uma integra\u00e7\u00e3o refinada de sabores e texturas sem perder sua frescura.<\/p>\n<p data-start=\"1773\" data-end=\"2154\">A express\u00e3o final \u00e9 um vinho de um vermelho rubi brilhante com um buqu\u00ea complexo de frutas vermelhas maduras, quase cristalizadas, junto com notas tostadas e levemente defumadas. No paladar, \u00e9 amplo, aveludado e equilibrado. A acidez fresca proporciona vivacidade e prolonga o final. Assim, o S\u2019\u00c0mfora Mud\u00e8fer Negre torna-se um vinho que liga origem com inova\u00e7\u00e3o, profundidade com eleg\u00e2ncia, e tempo com o mar.<\/p>","protected":false},"excerpt":{"rendered":"<p>Cari\u00f1ena e Garnacha Negra de vinhas velhas, envelhecidas em carvalho franc\u00eas e finalizadas sob o Mediterr\u00e2neo, combinando riqueza, finesse e um toque mar\u00edtimo sutil.<\/p>","protected":false},"featured_media":2187,"template":"","meta":{"_acf_changed":false,"site-sidebar-layout":"default","site-content-layout":"","ast-site-content-layout":"default","site-content-style":"default","site-sidebar-style":"default","ast-global-header-display":"","ast-banner-title-visibility":"","ast-main-header-display":"","ast-hfb-above-header-display":"","ast-hfb-below-header-display":"","ast-hfb-mobile-header-display":"","site-post-title":"","ast-breadcrumbs-content":"","ast-featured-img":"","footer-sml-layout":"","ast-disable-related-posts":"","theme-transparent-header-meta":"default","adv-header-id-meta":"","stick-header-meta":"","header-above-stick-meta":"","header-main-stick-meta":"","header-below-stick-meta":"","astra-migrate-meta-layouts":"set","ast-page-background-enabled":"default","ast-page-background-meta":{"desktop":{"background-color":"var(--ast-global-color-4)","background-image":"","background-repeat":"repeat","background-position":"center center","background-size":"auto","background-attachment":"scroll","background-type":"","background-media":"","overlay-type":"","overlay-color":"","overlay-opacity":"","overlay-gradient":""},"tablet":{"background-color":"","background-image":"","background-repeat":"repeat","background-position":"center center","background-size":"auto","background-attachment":"scroll","background-type":"","background-media":"","overlay-type":"","overlay-color":"","overlay-opacity":"","overlay-gradient":""},"mobile":{"background-color":"","background-image":"","background-repeat":"repeat","background-position":"center center","background-size":"auto","background-attachment":"scroll","background-type":"","background-media":"","overlay-type":"","overlay-color":"","overlay-opacity":"","overlay-gradient":""}},"ast-content-background-meta":{"desktop":{"background-color":"var(--ast-global-color-5)","background-image":"","background-repeat":"repeat","background-position":"center center","background-size":"auto","background-attachment":"scroll","background-type":"","background-media":"","overlay-type":"","overlay-color":"","overlay-opacity":"","overlay-gradient":""},"tablet":{"background-color":"var(--ast-global-color-5)","background-image":"","background-repeat":"repeat","background-position":"center center","background-size":"auto","background-attachment":"scroll","background-type":"","background-media":"","overlay-type":"","overlay-color":"","overlay-opacity":"","overlay-gradient":""},"mobile":{"background-color":"var(--ast-global-color-5)","background-image":"","background-repeat":"repeat","background-position":"center center","background-size":"auto","background-attachment":"scroll","background-type":"","background-media":"","overlay-type":"","overlay-color":"","overlay-opacity":"","overlay-gradient":""}}},"product_brand":[397],"product_cat":[15],"product_tag":[],"class_list":{"0":"post-2182","1":"product","2":"type-product","3":"status-publish","4":"has-post-thumbnail","6":"product_brand-celler-la-botera","7":"product_cat-sin-categoria","8":"desktop-align-left","9":"tablet-align-left","10":"mobile-align-left","12":"first","13":"outofstock","14":"shipping-taxable","15":"product-type-variable"},"acf":[],"yoast_head":"<!-- This site is optimized with the Yoast SEO plugin v22.9 - https:\/\/yoast.com\/wordpress\/plugins\/seo\/ -->\n<title>S\u2019\u00c0mfora Mud\u00e8fer Negre - VINITOR<\/title>\n<meta name=\"description\" content=\"Old-vine Cari\u00f1ena and Garnacha Negra from Terra Alta, aged 8\u201310 months in French oak and six months under the Mediterranean, with elegance and depth\" \/>\n<meta name=\"robots\" content=\"index, follow, max-snippet:-1, max-image-preview:large, max-video-preview:-1\" \/>\n<link rel=\"canonical\" href=\"https:\/\/vinitor.wine\/pt\/vinhos\/s-amfora-mudefer-negre-envelhecido-debaixo-dagua\/\" \/>\n<meta property=\"og:locale\" content=\"pt_PT\" \/>\n<meta property=\"og:type\" content=\"article\" \/>\n<meta property=\"og:title\" content=\"S\u2019\u00c0mfora Mud\u00e8fer Negre - VINITOR\" \/>\n<meta property=\"og:description\" content=\"Old-vine Cari\u00f1ena and Garnacha Negra from Terra Alta, aged 8\u201310 months in French oak and six months under the Mediterranean, with elegance and depth\" \/>\n<meta property=\"og:url\" content=\"https:\/\/vinitor.wine\/pt\/vinhos\/s-amfora-mudefer-negre-envelhecido-debaixo-dagua\/\" \/>\n<meta property=\"og:site_name\" content=\"VINITOR\" \/>\n<meta property=\"article:publisher\" content=\"https:\/\/www.facebook.com\/vinitor.wine\/\" \/>\n<meta property=\"article:modified_time\" content=\"2025-10-07T10:18:13+00:00\" \/>\n<meta property=\"og:image\" content=\"https:\/\/vinitor.wine\/wp-content\/uploads\/2025\/05\/samfora-mudefer-negre-labotera.png\" \/>\n\t<meta property=\"og:image:width\" content=\"1080\" \/>\n\t<meta property=\"og:image:height\" content=\"1080\" \/>\n\t<meta property=\"og:image:type\" content=\"image\/png\" \/>\n<meta name=\"twitter:card\" content=\"summary_large_image\" \/>\n<meta name=\"twitter:label1\" content=\"Tempo estimado de leitura\" \/>\n\t<meta name=\"twitter:data1\" content=\"2 minutos\" \/>\n<script type=\"application\/ld+json\" class=\"yoast-schema-graph\">{\"@context\":\"https:\/\/schema.org\",\"@graph\":[{\"@type\":\"WebPage\",\"@id\":\"https:\/\/vinitor.wine\/wines\/s-amfora-mudefer-negre-underwater-aged\/\",\"url\":\"https:\/\/vinitor.wine\/wines\/s-amfora-mudefer-negre-underwater-aged\/\",\"name\":\"S\u2019\u00c0mfora Mud\u00e8fer Negre - VINITOR\",\"isPartOf\":{\"@id\":\"https:\/\/vinitor.wine\/#website\"},\"primaryImageOfPage\":{\"@id\":\"https:\/\/vinitor.wine\/wines\/s-amfora-mudefer-negre-underwater-aged\/#primaryimage\"},\"image\":{\"@id\":\"https:\/\/vinitor.wine\/wines\/s-amfora-mudefer-negre-underwater-aged\/#primaryimage\"},\"thumbnailUrl\":\"https:\/\/vinitor.wine\/wp-content\/uploads\/2025\/05\/samfora-mudefer-negre-labotera.png\",\"datePublished\":\"2025-05-02T10:24:54+00:00\",\"dateModified\":\"2025-10-07T10:18:13+00:00\",\"description\":\"Old-vine Cari\u00f1ena and Garnacha Negra from Terra Alta, aged 8\u201310 months in French oak and six months under the Mediterranean, with elegance and depth\",\"breadcrumb\":{\"@id\":\"https:\/\/vinitor.wine\/wines\/s-amfora-mudefer-negre-underwater-aged\/#breadcrumb\"},\"inLanguage\":\"pt-PT\",\"potentialAction\":[{\"@type\":\"ReadAction\",\"target\":[\"https:\/\/vinitor.wine\/wines\/s-amfora-mudefer-negre-underwater-aged\/\"]}]},{\"@type\":\"ImageObject\",\"inLanguage\":\"pt-PT\",\"@id\":\"https:\/\/vinitor.wine\/wines\/s-amfora-mudefer-negre-underwater-aged\/#primaryimage\",\"url\":\"https:\/\/vinitor.wine\/wp-content\/uploads\/2025\/05\/samfora-mudefer-negre-labotera.png\",\"contentUrl\":\"https:\/\/vinitor.wine\/wp-content\/uploads\/2025\/05\/samfora-mudefer-negre-labotera.png\",\"width\":1080,\"height\":1080},{\"@type\":\"BreadcrumbList\",\"@id\":\"https:\/\/vinitor.wine\/wines\/s-amfora-mudefer-negre-underwater-aged\/#breadcrumb\",\"itemListElement\":[{\"@type\":\"ListItem\",\"position\":1,\"name\":\"Home\",\"item\":\"https:\/\/vinitor.wine\/en\/\"},{\"@type\":\"ListItem\",\"position\":2,\"name\":\"Productos\",\"item\":\"https:\/\/vinitor.wine\/tienda\/\"},{\"@type\":\"ListItem\",\"position\":3,\"name\":\"S\u2019\u00c0mfora Mud\u00e8fer Negre\"}]},{\"@type\":\"WebSite\",\"@id\":\"https:\/\/vinitor.wine\/#website\",\"url\":\"https:\/\/vinitor.wine\/\",\"name\":\"VINITOR\",\"description\":\"Your dedicated export department for premium Spanish wines, bridging wineries in Spain with importers worldwide\",\"publisher\":{\"@id\":\"https:\/\/vinitor.wine\/#organization\"},\"potentialAction\":[{\"@type\":\"SearchAction\",\"target\":{\"@type\":\"EntryPoint\",\"urlTemplate\":\"https:\/\/vinitor.wine\/?s={search_term_string}\"},\"query-input\":\"required name=search_term_string\"}],\"inLanguage\":\"pt-PT\"},{\"@type\":\"Organization\",\"@id\":\"https:\/\/vinitor.wine\/#organization\",\"name\":\"VINITOR\",\"url\":\"https:\/\/vinitor.wine\/\",\"logo\":{\"@type\":\"ImageObject\",\"inLanguage\":\"pt-PT\",\"@id\":\"https:\/\/vinitor.wine\/#\/schema\/logo\/image\/\",\"url\":\"https:\/\/vinitor.wine\/wp-content\/uploads\/2024\/10\/cropped-Vinitor_Logo-03.png\",\"contentUrl\":\"https:\/\/vinitor.wine\/wp-content\/uploads\/2024\/10\/cropped-Vinitor_Logo-03.png\",\"width\":512,\"height\":512,\"caption\":\"VINITOR\"},\"image\":{\"@id\":\"https:\/\/vinitor.wine\/#\/schema\/logo\/image\/\"},\"sameAs\":[\"https:\/\/www.facebook.com\/vinitor.wine\/\",\"https:\/\/www.instagram.com\/vinitor.wine\/\",\"https:\/\/es.linkedin.com\/company\/vinitor\"]}]}<\/script>\n<!-- \/ Yoast SEO plugin. -->","yoast_head_json":{"title":"S\u2019\u00c0mfora Mud\u00e8fer Negre - VINITOR","description":"Cari\u00f1ena e Garnacha Negra de vinhas velhas de Terra Alta, envelhecidas de 8 a 10 meses em carvalho franc\u00eas e seis meses sob o Mediterr\u00e2neo, com eleg\u00e2ncia e profundidade.","robots":{"index":"index","follow":"follow","max-snippet":"max-snippet:-1","max-image-preview":"max-image-preview:large","max-video-preview":"max-video-preview:-1"},"canonical":"https:\/\/vinitor.wine\/pt\/vinhos\/s-amfora-mudefer-negre-envelhecido-debaixo-dagua\/","og_locale":"pt_PT","og_type":"article","og_title":"S\u2019\u00c0mfora Mud\u00e8fer Negre - VINITOR","og_description":"Old-vine Cari\u00f1ena and Garnacha Negra from Terra Alta, aged 8\u201310 months in French oak and six months under the Mediterranean, with elegance and depth","og_url":"https:\/\/vinitor.wine\/pt\/vinhos\/s-amfora-mudefer-negre-envelhecido-debaixo-dagua\/","og_site_name":"VINITOR","article_publisher":"https:\/\/www.facebook.com\/vinitor.wine\/","article_modified_time":"2025-10-07T10:18:13+00:00","og_image":[{"width":1080,"height":1080,"url":"https:\/\/vinitor.wine\/wp-content\/uploads\/2025\/05\/samfora-mudefer-negre-labotera.png","type":"image\/png"}],"twitter_card":"summary_large_image","twitter_misc":{"Tempo estimado de leitura":"2 minutos"},"schema":{"@context":"https:\/\/schema.org","@graph":[{"@type":"WebPage","@id":"https:\/\/vinitor.wine\/wines\/s-amfora-mudefer-negre-underwater-aged\/","url":"https:\/\/vinitor.wine\/wines\/s-amfora-mudefer-negre-underwater-aged\/","name":"S\u2019\u00c0mfora Mud\u00e8fer Negre - VINITOR","isPartOf":{"@id":"https:\/\/vinitor.wine\/#website"},"primaryImageOfPage":{"@id":"https:\/\/vinitor.wine\/wines\/s-amfora-mudefer-negre-underwater-aged\/#primaryimage"},"image":{"@id":"https:\/\/vinitor.wine\/wines\/s-amfora-mudefer-negre-underwater-aged\/#primaryimage"},"thumbnailUrl":"https:\/\/vinitor.wine\/wp-content\/uploads\/2025\/05\/samfora-mudefer-negre-labotera.png","datePublished":"2025-05-02T10:24:54+00:00","dateModified":"2025-10-07T10:18:13+00:00","description":"Cari\u00f1ena e Garnacha Negra de vinhas velhas de Terra Alta, envelhecidas de 8 a 10 meses em carvalho franc\u00eas e seis meses sob o Mediterr\u00e2neo, com eleg\u00e2ncia e profundidade.","breadcrumb":{"@id":"https:\/\/vinitor.wine\/wines\/s-amfora-mudefer-negre-underwater-aged\/#breadcrumb"},"inLanguage":"pt-PT","potentialAction":[{"@type":"ReadAction","target":["https:\/\/vinitor.wine\/wines\/s-amfora-mudefer-negre-underwater-aged\/"]}]},{"@type":"ImageObject","inLanguage":"pt-PT","@id":"https:\/\/vinitor.wine\/wines\/s-amfora-mudefer-negre-underwater-aged\/#primaryimage","url":"https:\/\/vinitor.wine\/wp-content\/uploads\/2025\/05\/samfora-mudefer-negre-labotera.png","contentUrl":"https:\/\/vinitor.wine\/wp-content\/uploads\/2025\/05\/samfora-mudefer-negre-labotera.png","width":1080,"height":1080},{"@type":"BreadcrumbList","@id":"https:\/\/vinitor.wine\/wines\/s-amfora-mudefer-negre-underwater-aged\/#breadcrumb","itemListElement":[{"@type":"ListItem","position":1,"name":"Home","item":"https:\/\/vinitor.wine\/en\/"},{"@type":"ListItem","position":2,"name":"Productos","item":"https:\/\/vinitor.wine\/tienda\/"},{"@type":"ListItem","position":3,"name":"S\u2019\u00c0mfora Mud\u00e8fer Negre"}]},{"@type":"WebSite","@id":"https:\/\/vinitor.wine\/#website","url":"https:\/\/vinitor.wine\/","name":"VINITOR","description":"Seu departamento de exporta\u00e7\u00e3o dedicado a vinhos espanh\u00f3is premium, conectando vin\u00edcolas na Espanha com importadores em todo o mundo","publisher":{"@id":"https:\/\/vinitor.wine\/#organization"},"potentialAction":[{"@type":"SearchAction","target":{"@type":"EntryPoint","urlTemplate":"https:\/\/vinitor.wine\/?s={search_term_string}"},"query-input":"required name=search_term_string"}],"inLanguage":"pt-PT"},{"@type":"Organization","@id":"https:\/\/vinitor.wine\/#organization","name":"VINITOR","url":"https:\/\/vinitor.wine\/","logo":{"@type":"ImageObject","inLanguage":"pt-PT","@id":"https:\/\/vinitor.wine\/#\/schema\/logo\/image\/","url":"https:\/\/vinitor.wine\/wp-content\/uploads\/2024\/10\/cropped-Vinitor_Logo-03.png","contentUrl":"https:\/\/vinitor.wine\/wp-content\/uploads\/2024\/10\/cropped-Vinitor_Logo-03.png","width":512,"height":512,"caption":"VINITOR"},"image":{"@id":"https:\/\/vinitor.wine\/#\/schema\/logo\/image\/"},"sameAs":["https:\/\/www.facebook.com\/vinitor.wine\/","https:\/\/www.instagram.com\/vinitor.wine\/","https:\/\/es.linkedin.com\/company\/vinitor"]}]}},"_links":{"self":[{"href":"https:\/\/vinitor.wine\/pt\/wp-json\/wp\/v2\/product\/2182","targetHints":{"allow":["GET"]}}],"collection":[{"href":"https:\/\/vinitor.wine\/pt\/wp-json\/wp\/v2\/product"}],"about":[{"href":"https:\/\/vinitor.wine\/pt\/wp-json\/wp\/v2\/types\/product"}],"version-history":[{"count":0,"href":"https:\/\/vinitor.wine\/pt\/wp-json\/wp\/v2\/product\/2182\/revisions"}],"wp:featuredmedia":[{"embeddable":true,"href":"https:\/\/vinitor.wine\/pt\/wp-json\/wp\/v2\/media\/2187"}],"wp:attachment":[{"href":"https:\/\/vinitor.wine\/pt\/wp-json\/wp\/v2\/media?parent=2182"}],"wp:term":[{"taxonomy":"product_brand","embeddable":true,"href":"https:\/\/vinitor.wine\/pt\/wp-json\/wp\/v2\/product_brand?post=2182"},{"taxonomy":"product_cat","embeddable":true,"href":"https:\/\/vinitor.wine\/pt\/wp-json\/wp\/v2\/product_cat?post=2182"},{"taxonomy":"product_tag","embeddable":true,"href":"https:\/\/vinitor.wine\/pt\/wp-json\/wp\/v2\/product_tag?post=2182"}],"curies":[{"name":"wp","href":"https:\/\/api.w.org\/{rel}","templated":true}]}}